{"id":19083,"date":"2024-09-13T06:33:25","date_gmt":"2024-09-13T04:33:25","guid":{"rendered":"https:\/\/kuenglaw-sg.ch\/?page_id=19083"},"modified":"2024-09-13T06:36:34","modified_gmt":"2024-09-13T04:36:34","slug":"ratgeber","status":"publish","type":"page","link":"https:\/\/kuenglaw-sg.ch\/en\/ratgeber\/","title":{"rendered":"Ratgeber"},"content":{"rendered":"<style>.wp-show-posts-columns#wpsp-19089 {margin-left: -2em; }.wp-show-posts-columns#wpsp-19089 .wp-show-posts-inner {margin: 0 0 2em 2em; }<\/style><section id=\"wpsp-19089\" class=\"wp-show-posts-columns wp-show-posts\" style=\"\"><article class=\"wp-show-posts-single post-19555 post type-post status-publish format-standard has-post-thumbnail hentry category-news wpsp-col-6\" itemtype=\"http:\/\/schema.org\/CreativeWork\" itemscope><div class=\"wp-show-posts-inner\" style=\"\">\t\t<div class=\"wp-show-posts-image  wpsp-image-center\">\n\t\t\t<a href=\"https:\/\/kuenglaw-sg.ch\/en\/mitarbeiterhaftung\/\"  title=\"Mitarbeiterhaftung\"><img loading=\"lazy\" decoding=\"async\" width=\"1280\" height=\"853\" src=\"https:\/\/kuenglaw-sg.ch\/wp-content\/uploads\/2025\/03\/Fehler.jpg\" class=\"attachment-full size-full wp-post-image\" alt=\"\" itemprop=\"image\" srcset=\"https:\/\/kuenglaw-sg.ch\/wp-content\/uploads\/2025\/03\/Fehler.jpg 1280w, https:\/\/kuenglaw-sg.ch\/wp-content\/uploads\/2025\/03\/Fehler-300x200.jpg 300w, https:\/\/kuenglaw-sg.ch\/wp-content\/uploads\/2025\/03\/Fehler-1024x682.jpg 1024w, https:\/\/kuenglaw-sg.ch\/wp-content\/uploads\/2025\/03\/Fehler-768x512.jpg 768w, https:\/\/kuenglaw-sg.ch\/wp-content\/uploads\/2025\/03\/Fehler-18x12.jpg 18w, https:\/\/kuenglaw-sg.ch\/wp-content\/uploads\/2025\/03\/Fehler-600x400.jpg 600w, https:\/\/kuenglaw-sg.ch\/wp-content\/uploads\/2025\/03\/Fehler-1200x800.jpg 1200w\" sizes=\"auto, (max-width: 1280px) 100vw, 1280px\" \/><\/a>\t\t<\/div>\n\t\t\t\t\t\t\t\t<header class=\"wp-show-posts-entry-header\">\n\t\t\t\t\t\t\t<h2 class=\"wp-show-posts-entry-title\" itemprop=\"headline\"><a href=\"https:\/\/kuenglaw-sg.ch\/en\/mitarbeiterhaftung\/\" rel=\"bookmark\">Mitarbeiterhaftung<\/a><\/h2><div class=\"wp-show-posts-entry-meta wp-show-posts-entry-meta-below-title post-meta-inline\"><span class=\"wp-show-posts-posted-on wp-show-posts-meta\">\n\t\t\t\t\t<a href=\"https:\/\/kuenglaw-sg.ch\/en\/mitarbeiterhaftung\/\" title=\"17:04\" rel=\"bookmark\"><time class=\"wp-show-posts-entry-date published\" datetime=\"2025-03-10T17:04:43+01:00\" itemprop=\"datePublished\">10. March 2025<\/time><\/a>\n\t\t\t\t<\/span><\/div>\t\t\t\t\t\t<\/header><!-- .entry-header -->\n\t\t\t\t\t\t\t\t\t\t\t<div class=\"wp-show-posts-entry-summary\" itemprop=\"text\">\n\t\t\t\t\t\t\t<p>\u201eIch habe eine Tiefbaufirma. K\u00fcrzlich hat einer meiner Mitarbeiter Arbeitsger\u00e4te im Wert von rund Fr. 3&#8217;000.- auf einer Baustelle \u00fcber Nacht liegenlassen. Am n\u00e4chsten Morgen waren die Ger\u00e4te verschwunden. Kann&#8230;<\/p>\n\t\t\t\t\t\t<\/div><!-- .entry-summary -->\n\t\t\t\t\t<div class=\"wpsp-read-more\"><a title=\"Mitarbeiterhaftung\" class=\"wp-show-posts-read-more\" href=\"https:\/\/kuenglaw-sg.ch\/en\/mitarbeiterhaftung\/\">weiterlesen<\/a><\/div><\/div><!-- wp-show-posts-inner --><\/article><article class=\"wp-show-posts-single post-19551 post type-post status-publish format-standard has-post-thumbnail hentry category-news wpsp-col-6\" itemtype=\"http:\/\/schema.org\/CreativeWork\" itemscope><div class=\"wp-show-posts-inner\" style=\"\">\t\t<div class=\"wp-show-posts-image  wpsp-image-center\">\n\t\t\t<a href=\"https:\/\/kuenglaw-sg.ch\/en\/muss-ich-fuer-die-toilettenpause-ausstempeln\/\"  title=\"Muss ich f\u00fcr die Toilettenpause ausstempeln?\"><img loading=\"lazy\" decoding=\"async\" width=\"1280\" height=\"851\" src=\"https:\/\/kuenglaw-sg.ch\/wp-content\/uploads\/2025\/03\/Toilettenpause.jpg\" class=\"attachment-full size-full wp-post-image\" alt=\"\" itemprop=\"image\" srcset=\"https:\/\/kuenglaw-sg.ch\/wp-content\/uploads\/2025\/03\/Toilettenpause.jpg 1280w, https:\/\/kuenglaw-sg.ch\/wp-content\/uploads\/2025\/03\/Toilettenpause-300x199.jpg 300w, https:\/\/kuenglaw-sg.ch\/wp-content\/uploads\/2025\/03\/Toilettenpause-1024x681.jpg 1024w, https:\/\/kuenglaw-sg.ch\/wp-content\/uploads\/2025\/03\/Toilettenpause-768x511.jpg 768w, https:\/\/kuenglaw-sg.ch\/wp-content\/uploads\/2025\/03\/Toilettenpause-18x12.jpg 18w, https:\/\/kuenglaw-sg.ch\/wp-content\/uploads\/2025\/03\/Toilettenpause-600x400.jpg 600w\" sizes=\"auto, (max-width: 1280px) 100vw, 1280px\" \/><\/a>\t\t<\/div>\n\t\t\t\t\t\t\t\t<header class=\"wp-show-posts-entry-header\">\n\t\t\t\t\t\t\t<h2 class=\"wp-show-posts-entry-title\" itemprop=\"headline\"><a href=\"https:\/\/kuenglaw-sg.ch\/en\/muss-ich-fuer-die-toilettenpause-ausstempeln\/\" rel=\"bookmark\">Muss ich f\u00fcr die Toilettenpause ausstempeln?<\/a><\/h2><div class=\"wp-show-posts-entry-meta wp-show-posts-entry-meta-below-title post-meta-inline\"><span class=\"wp-show-posts-posted-on wp-show-posts-meta\">\n\t\t\t\t\t<a href=\"https:\/\/kuenglaw-sg.ch\/en\/muss-ich-fuer-die-toilettenpause-ausstempeln\/\" title=\"16:57\" rel=\"bookmark\"><time class=\"wp-show-posts-entry-date published\" datetime=\"2025-03-10T16:57:54+01:00\" itemprop=\"datePublished\">10. March 2025<\/time><\/a>\n\t\t\t\t<\/span><\/div>\t\t\t\t\t\t<\/header><!-- .entry-header -->\n\t\t\t\t\t\t\t\t\t\t\t<div class=\"wp-show-posts-entry-summary\" itemprop=\"text\">\n\t\t\t\t\t\t\t<p>\u00abMein Arbeitgeber verlangt, dass ich mich f\u00fcr jede Toilettenpause ausstemple. Ist das rechtens?\u00bb Diese Frage hat k\u00fcrzlich ein Gericht in der Schweiz besch\u00e4ftigt. Das Urteil hat klargestellt, dass Toilettenpausen nicht&#8230;<\/p>\n\t\t\t\t\t\t<\/div><!-- .entry-summary -->\n\t\t\t\t\t<div class=\"wpsp-read-more\"><a title=\"Muss ich f\u00fcr die Toilettenpause ausstempeln?\" class=\"wp-show-posts-read-more\" href=\"https:\/\/kuenglaw-sg.ch\/en\/muss-ich-fuer-die-toilettenpause-ausstempeln\/\">weiterlesen<\/a><\/div><\/div><!-- wp-show-posts-inner --><\/article><article class=\"wp-show-posts-single post-19542 post type-post status-publish format-standard has-post-thumbnail hentry category-news wpsp-col-6\" itemtype=\"http:\/\/schema.org\/CreativeWork\" itemscope><div class=\"wp-show-posts-inner\" style=\"\">\t\t<div class=\"wp-show-posts-image  wpsp-image-center\">\n\t\t\t<a href=\"https:\/\/kuenglaw-sg.ch\/en\/wohnungskuendigung-im-kanton-st-gallen\/\"  title=\"Wohnungsk\u00fcndigung im Kanton St. Gallen\"><img loading=\"lazy\" decoding=\"async\" width=\"1280\" height=\"853\" src=\"https:\/\/kuenglaw-sg.ch\/wp-content\/uploads\/2025\/03\/Wohnung.jpg\" class=\"attachment-full size-full wp-post-image\" alt=\"\" itemprop=\"image\" srcset=\"https:\/\/kuenglaw-sg.ch\/wp-content\/uploads\/2025\/03\/Wohnung.jpg 1280w, https:\/\/kuenglaw-sg.ch\/wp-content\/uploads\/2025\/03\/Wohnung-300x200.jpg 300w, https:\/\/kuenglaw-sg.ch\/wp-content\/uploads\/2025\/03\/Wohnung-1024x682.jpg 1024w, https:\/\/kuenglaw-sg.ch\/wp-content\/uploads\/2025\/03\/Wohnung-768x512.jpg 768w, https:\/\/kuenglaw-sg.ch\/wp-content\/uploads\/2025\/03\/Wohnung-18x12.jpg 18w, https:\/\/kuenglaw-sg.ch\/wp-content\/uploads\/2025\/03\/Wohnung-600x400.jpg 600w, https:\/\/kuenglaw-sg.ch\/wp-content\/uploads\/2025\/03\/Wohnung-1200x800.jpg 1200w\" sizes=\"auto, (max-width: 1280px) 100vw, 1280px\" \/><\/a>\t\t<\/div>\n\t\t\t\t\t\t\t\t<header class=\"wp-show-posts-entry-header\">\n\t\t\t\t\t\t\t<h2 class=\"wp-show-posts-entry-title\" itemprop=\"headline\"><a href=\"https:\/\/kuenglaw-sg.ch\/en\/wohnungskuendigung-im-kanton-st-gallen\/\" rel=\"bookmark\">Wohnungsk\u00fcndigung im Kanton St. Gallen<\/a><\/h2><div class=\"wp-show-posts-entry-meta wp-show-posts-entry-meta-below-title post-meta-inline\"><span class=\"wp-show-posts-posted-on wp-show-posts-meta\">\n\t\t\t\t\t<a href=\"https:\/\/kuenglaw-sg.ch\/en\/wohnungskuendigung-im-kanton-st-gallen\/\" title=\"16:26\" rel=\"bookmark\"><time class=\"wp-show-posts-entry-date published\" datetime=\"2025-03-10T16:26:40+01:00\" itemprop=\"datePublished\">10. March 2025<\/time><time class=\"wp-show-posts-updated\" datetime=\"2025-03-10T16:47:35+01:00\" itemprop=\"dateModified\">10. March 2025<\/time><\/a>\n\t\t\t\t<\/span><\/div>\t\t\t\t\t\t<\/header><!-- .entry-header -->\n\t\t\t\t\t\t\t\t\t\t\t<div class=\"wp-show-posts-entry-summary\" itemprop=\"text\">\n\t\t\t\t\t\t\t<p>\u201eIch habe eine Liegenschaft im Kanton St. Gallen, welche ich vermiete. Ich habe einen alleinstehenden Mieter, der schon seit Monaten die Mietzinse nicht mehr bezahlt. Ich m\u00f6chte ihm k\u00fcndigen, bin&#8230;<\/p>\n\t\t\t\t\t\t<\/div><!-- .entry-summary -->\n\t\t\t\t\t<div class=\"wpsp-read-more\"><a title=\"Wohnungsk\u00fcndigung im Kanton St. Gallen\" class=\"wp-show-posts-read-more\" href=\"https:\/\/kuenglaw-sg.ch\/en\/wohnungskuendigung-im-kanton-st-gallen\/\">weiterlesen<\/a><\/div><\/div><!-- wp-show-posts-inner --><\/article><article class=\"wp-show-posts-single post-19290 post type-post status-publish format-standard has-post-thumbnail hentry category-news wpsp-col-6\" itemtype=\"http:\/\/schema.org\/CreativeWork\" itemscope><div class=\"wp-show-posts-inner\" style=\"\">\t\t<div class=\"wp-show-posts-image  wpsp-image-center\">\n\t\t\t<a href=\"https:\/\/kuenglaw-sg.ch\/en\/eigenbedarfskuendigung\/\"  title=\"Rechtliche Fallstricke bei der Eigenbedarfsk\u00fcndigung meistern\"><img loading=\"lazy\" decoding=\"async\" width=\"1280\" height=\"851\" src=\"https:\/\/kuenglaw-sg.ch\/wp-content\/uploads\/2024\/10\/Wohnung.jpg\" class=\"attachment-full size-full wp-post-image\" alt=\"\" itemprop=\"image\" srcset=\"https:\/\/kuenglaw-sg.ch\/wp-content\/uploads\/2024\/10\/Wohnung.jpg 1280w, https:\/\/kuenglaw-sg.ch\/wp-content\/uploads\/2024\/10\/Wohnung-300x199.jpg 300w, https:\/\/kuenglaw-sg.ch\/wp-content\/uploads\/2024\/10\/Wohnung-1024x681.jpg 1024w, https:\/\/kuenglaw-sg.ch\/wp-content\/uploads\/2024\/10\/Wohnung-768x511.jpg 768w, https:\/\/kuenglaw-sg.ch\/wp-content\/uploads\/2024\/10\/Wohnung-18x12.jpg 18w, https:\/\/kuenglaw-sg.ch\/wp-content\/uploads\/2024\/10\/Wohnung-600x400.jpg 600w\" sizes=\"auto, (max-width: 1280px) 100vw, 1280px\" \/><\/a>\t\t<\/div>\n\t\t\t\t\t\t\t\t<header class=\"wp-show-posts-entry-header\">\n\t\t\t\t\t\t\t<h2 class=\"wp-show-posts-entry-title\" itemprop=\"headline\"><a href=\"https:\/\/kuenglaw-sg.ch\/en\/eigenbedarfskuendigung\/\" rel=\"bookmark\">Rechtliche Fallstricke bei der Eigenbedarfsk\u00fcndigung meistern<\/a><\/h2><div class=\"wp-show-posts-entry-meta wp-show-posts-entry-meta-below-title post-meta-inline\"><span class=\"wp-show-posts-posted-on wp-show-posts-meta\">\n\t\t\t\t\t<a href=\"https:\/\/kuenglaw-sg.ch\/en\/eigenbedarfskuendigung\/\" title=\"16:40\" rel=\"bookmark\"><time class=\"wp-show-posts-entry-date published\" datetime=\"2024-10-28T16:40:57+01:00\" itemprop=\"datePublished\">28. October 2024<\/time><\/a>\n\t\t\t\t<\/span><\/div>\t\t\t\t\t\t<\/header><!-- .entry-header -->\n\t\t\t\t\t\t\t\t\t\t\t<div class=\"wp-show-posts-entry-summary\" itemprop=\"text\">\n\t\t\t\t\t\t\t<p>Ich vermiete eine Wohnung, die in meinem Eigentum steht. Nun braucht mein Bruder schnell eine neue Wohnung, da er sich von seiner Freundin getrennt hat. Ich w\u00fcrde ihm diese Wohnung&#8230;<\/p>\n\t\t\t\t\t\t<\/div><!-- .entry-summary -->\n\t\t\t\t\t<div class=\"wpsp-read-more\"><a title=\"Rechtliche Fallstricke bei der Eigenbedarfsk\u00fcndigung meistern\" class=\"wp-show-posts-read-more\" href=\"https:\/\/kuenglaw-sg.ch\/en\/eigenbedarfskuendigung\/\">weiterlesen<\/a><\/div><\/div><!-- wp-show-posts-inner --><\/article><article class=\"wp-show-posts-single post-19237 post type-post status-publish format-standard has-post-thumbnail hentry category-news wpsp-col-6\" itemtype=\"http:\/\/schema.org\/CreativeWork\" itemscope><div class=\"wp-show-posts-inner\" style=\"\">\t\t<div class=\"wp-show-posts-image  wpsp-image-center\">\n\t\t\t<a href=\"https:\/\/kuenglaw-sg.ch\/en\/arbeitszeugnis_korrekt_abfasssen\/\"  title=\"Arbeitszeugnis korrekt abfassen\"><img loading=\"lazy\" decoding=\"async\" width=\"1280\" height=\"853\" src=\"https:\/\/kuenglaw-sg.ch\/wp-content\/uploads\/2024\/10\/Dokument.jpg\" class=\"attachment-full size-full wp-post-image\" alt=\"\" itemprop=\"image\" srcset=\"https:\/\/kuenglaw-sg.ch\/wp-content\/uploads\/2024\/10\/Dokument.jpg 1280w, https:\/\/kuenglaw-sg.ch\/wp-content\/uploads\/2024\/10\/Dokument-300x200.jpg 300w, https:\/\/kuenglaw-sg.ch\/wp-content\/uploads\/2024\/10\/Dokument-1024x682.jpg 1024w, https:\/\/kuenglaw-sg.ch\/wp-content\/uploads\/2024\/10\/Dokument-768x512.jpg 768w, https:\/\/kuenglaw-sg.ch\/wp-content\/uploads\/2024\/10\/Dokument-18x12.jpg 18w, https:\/\/kuenglaw-sg.ch\/wp-content\/uploads\/2024\/10\/Dokument-600x400.jpg 600w, https:\/\/kuenglaw-sg.ch\/wp-content\/uploads\/2024\/10\/Dokument-1200x800.jpg 1200w\" sizes=\"auto, (max-width: 1280px) 100vw, 1280px\" \/><\/a>\t\t<\/div>\n\t\t\t\t\t\t\t\t<header class=\"wp-show-posts-entry-header\">\n\t\t\t\t\t\t\t<h2 class=\"wp-show-posts-entry-title\" itemprop=\"headline\"><a href=\"https:\/\/kuenglaw-sg.ch\/en\/arbeitszeugnis_korrekt_abfasssen\/\" rel=\"bookmark\">Arbeitszeugnis korrekt abfassen<\/a><\/h2><div class=\"wp-show-posts-entry-meta wp-show-posts-entry-meta-below-title post-meta-inline\"><span class=\"wp-show-posts-posted-on wp-show-posts-meta\">\n\t\t\t\t\t<a href=\"https:\/\/kuenglaw-sg.ch\/en\/arbeitszeugnis_korrekt_abfasssen\/\" title=\"15:17\" rel=\"bookmark\"><time class=\"wp-show-posts-entry-date published\" datetime=\"2024-10-28T15:17:31+01:00\" itemprop=\"datePublished\">28. October 2024<\/time><time class=\"wp-show-posts-updated\" datetime=\"2024-10-28T16:10:33+01:00\" itemprop=\"dateModified\">28. October 2024<\/time><\/a>\n\t\t\t\t<\/span><\/div>\t\t\t\t\t\t<\/header><!-- .entry-header -->\n\t\t\t\t\t\t\t\t\t\t\t<div class=\"wp-show-posts-entry-summary\" itemprop=\"text\">\n\t\t\t\t\t\t\t<p>\u201eIch habe einem Arbeitnehmer ein Arbeitszeugnis ausgestellt, mit welchem dieser inhaltlich nicht einverstanden ist. Was ist bei der Abfassung von Arbeitszeugnissen zu beachten?\u201c Der Arbeitnehmer kann jederzeit vom Arbeitgeber ein&#8230;<\/p>\n\t\t\t\t\t\t<\/div><!-- .entry-summary -->\n\t\t\t\t\t<div class=\"wpsp-read-more\"><a title=\"Arbeitszeugnis korrekt abfassen\" class=\"wp-show-posts-read-more\" href=\"https:\/\/kuenglaw-sg.ch\/en\/arbeitszeugnis_korrekt_abfasssen\/\">weiterlesen<\/a><\/div><\/div><!-- wp-show-posts-inner --><\/article><article class=\"wp-show-posts-single post-19163 post type-post status-publish format-standard has-post-thumbnail hentry category-news wpsp-col-6\" itemtype=\"http:\/\/schema.org\/CreativeWork\" itemscope><div class=\"wp-show-posts-inner\" style=\"\">\t\t<div class=\"wp-show-posts-image  wpsp-image-center\">\n\t\t\t<a href=\"https:\/\/kuenglaw-sg.ch\/en\/laermiges-reiheneinfamilienhaus\/\"  title=\"L\u00e4rmiges Reiheneinfamilienhaus\"><img loading=\"lazy\" decoding=\"async\" width=\"1694\" height=\"1129\" src=\"https:\/\/kuenglaw-sg.ch\/wp-content\/uploads\/2024\/09\/Reihenhaus.webp\" class=\"attachment-full size-full wp-post-image\" alt=\"\" itemprop=\"image\" srcset=\"https:\/\/kuenglaw-sg.ch\/wp-content\/uploads\/2024\/09\/Reihenhaus.webp 1694w, https:\/\/kuenglaw-sg.ch\/wp-content\/uploads\/2024\/09\/Reihenhaus-300x200.webp 300w, https:\/\/kuenglaw-sg.ch\/wp-content\/uploads\/2024\/09\/Reihenhaus-1024x682.webp 1024w, https:\/\/kuenglaw-sg.ch\/wp-content\/uploads\/2024\/09\/Reihenhaus-768x512.webp 768w, https:\/\/kuenglaw-sg.ch\/wp-content\/uploads\/2024\/09\/Reihenhaus-1536x1024.webp 1536w, https:\/\/kuenglaw-sg.ch\/wp-content\/uploads\/2024\/09\/Reihenhaus-18x12.webp 18w, https:\/\/kuenglaw-sg.ch\/wp-content\/uploads\/2024\/09\/Reihenhaus-600x400.webp 600w, https:\/\/kuenglaw-sg.ch\/wp-content\/uploads\/2024\/09\/Reihenhaus-1200x800.webp 1200w\" sizes=\"auto, (max-width: 1694px) 100vw, 1694px\" \/><\/a>\t\t<\/div>\n\t\t\t\t\t\t\t\t<header class=\"wp-show-posts-entry-header\">\n\t\t\t\t\t\t\t<h2 class=\"wp-show-posts-entry-title\" itemprop=\"headline\"><a href=\"https:\/\/kuenglaw-sg.ch\/en\/laermiges-reiheneinfamilienhaus\/\" rel=\"bookmark\">L\u00e4rmiges Reiheneinfamilienhaus<\/a><\/h2><div class=\"wp-show-posts-entry-meta wp-show-posts-entry-meta-below-title post-meta-inline\"><span class=\"wp-show-posts-posted-on wp-show-posts-meta\">\n\t\t\t\t\t<a href=\"https:\/\/kuenglaw-sg.ch\/en\/laermiges-reiheneinfamilienhaus\/\" title=\"13:27\" rel=\"bookmark\"><time class=\"wp-show-posts-entry-date published\" datetime=\"2024-09-24T13:27:25+02:00\" itemprop=\"datePublished\">24. September 2024<\/time><time class=\"wp-show-posts-updated\" datetime=\"2024-09-24T13:48:32+02:00\" itemprop=\"dateModified\">24. September 2024<\/time><\/a>\n\t\t\t\t<\/span><\/div>\t\t\t\t\t\t<\/header><!-- .entry-header -->\n\t\t\t\t\t\t\t\t\t\t\t<div class=\"wp-show-posts-entry-summary\" itemprop=\"text\">\n\t\t\t\t\t\t\t<p>Vor wenigen Monaten haben wir ein neu erstelltes Reiheneinfamilienhaus erworben, das durch eine gemeinsame Wand vom Haus der Nachbarn abgetrennt ist. Leider mussten wir feststellen, dass wir am Morgen in&#8230;<\/p>\n\t\t\t\t\t\t<\/div><!-- .entry-summary -->\n\t\t\t\t\t<div class=\"wpsp-read-more\"><a title=\"L\u00e4rmiges Reiheneinfamilienhaus\" class=\"wp-show-posts-read-more\" href=\"https:\/\/kuenglaw-sg.ch\/en\/laermiges-reiheneinfamilienhaus\/\">weiterlesen<\/a><\/div><\/div><!-- wp-show-posts-inner --><\/article><article class=\"wp-show-posts-single post-19161 post type-post status-publish format-standard has-post-thumbnail hentry category-news wpsp-col-6\" itemtype=\"http:\/\/schema.org\/CreativeWork\" itemscope><div class=\"wp-show-posts-inner\" style=\"\">\t\t<div class=\"wp-show-posts-image  wpsp-image-center\">\n\t\t\t<a href=\"https:\/\/kuenglaw-sg.ch\/en\/mein-zalando-paket-wurde-gestohlen-wer-haftet\/\"  title=\"Mein Zalando-Paket wurde gestohlen \u2013 wer haftet?\"><img loading=\"lazy\" decoding=\"async\" width=\"1920\" height=\"1280\" src=\"https:\/\/kuenglaw-sg.ch\/wp-content\/uploads\/2024\/09\/paket.webp\" class=\"attachment-full size-full wp-post-image\" alt=\"\" itemprop=\"image\" srcset=\"https:\/\/kuenglaw-sg.ch\/wp-content\/uploads\/2024\/09\/paket.webp 1920w, https:\/\/kuenglaw-sg.ch\/wp-content\/uploads\/2024\/09\/paket-300x200.webp 300w, https:\/\/kuenglaw-sg.ch\/wp-content\/uploads\/2024\/09\/paket-1024x683.webp 1024w, https:\/\/kuenglaw-sg.ch\/wp-content\/uploads\/2024\/09\/paket-768x512.webp 768w, https:\/\/kuenglaw-sg.ch\/wp-content\/uploads\/2024\/09\/paket-1536x1024.webp 1536w, https:\/\/kuenglaw-sg.ch\/wp-content\/uploads\/2024\/09\/paket-18x12.webp 18w, https:\/\/kuenglaw-sg.ch\/wp-content\/uploads\/2024\/09\/paket-600x400.webp 600w, https:\/\/kuenglaw-sg.ch\/wp-content\/uploads\/2024\/09\/paket-1200x800.webp 1200w\" sizes=\"auto, (max-width: 1920px) 100vw, 1920px\" \/><\/a>\t\t<\/div>\n\t\t\t\t\t\t\t\t<header class=\"wp-show-posts-entry-header\">\n\t\t\t\t\t\t\t<h2 class=\"wp-show-posts-entry-title\" itemprop=\"headline\"><a href=\"https:\/\/kuenglaw-sg.ch\/en\/mein-zalando-paket-wurde-gestohlen-wer-haftet\/\" rel=\"bookmark\">Mein Zalando-Paket wurde gestohlen \u2013 wer haftet?<\/a><\/h2><div class=\"wp-show-posts-entry-meta wp-show-posts-entry-meta-below-title post-meta-inline\"><span class=\"wp-show-posts-posted-on wp-show-posts-meta\">\n\t\t\t\t\t<a href=\"https:\/\/kuenglaw-sg.ch\/en\/mein-zalando-paket-wurde-gestohlen-wer-haftet\/\" title=\"13:24\" rel=\"bookmark\"><time class=\"wp-show-posts-entry-date published\" datetime=\"2024-09-05T13:24:38+02:00\" itemprop=\"datePublished\">5. September 2024<\/time><time class=\"wp-show-posts-updated\" datetime=\"2024-09-24T13:48:54+02:00\" itemprop=\"dateModified\">24. September 2024<\/time><\/a>\n\t\t\t\t<\/span><\/div>\t\t\t\t\t\t<\/header><!-- .entry-header -->\n\t\t\t\t\t\t\t\t\t\t\t<div class=\"wp-show-posts-entry-summary\" itemprop=\"text\">\n\t\t\t\t\t\t\t<p>\u00abIch habe im Internet Kleider gekauft. Leider wurde das Paket von Zalando offenbar aus meinem Briefkasten gestohlen. Wer haftet in diesem Fall?\u00bb Der Online-Einkauf erfreut sich immer gr\u00f6sserer Beliebtheit, bringt&#8230;<\/p>\n\t\t\t\t\t\t<\/div><!-- .entry-summary -->\n\t\t\t\t\t<div class=\"wpsp-read-more\"><a title=\"Mein Zalando-Paket wurde gestohlen \u2013 wer haftet?\" class=\"wp-show-posts-read-more\" href=\"https:\/\/kuenglaw-sg.ch\/en\/mein-zalando-paket-wurde-gestohlen-wer-haftet\/\">weiterlesen<\/a><\/div><\/div><!-- wp-show-posts-inner --><\/article><article class=\"wp-show-posts-single post-19158 post type-post status-publish format-standard has-post-thumbnail hentry category-news wpsp-col-6\" itemtype=\"http:\/\/schema.org\/CreativeWork\" itemscope><div class=\"wp-show-posts-inner\" style=\"\">\t\t<div class=\"wp-show-posts-image  wpsp-image-center\">\n\t\t\t<a href=\"https:\/\/kuenglaw-sg.ch\/en\/alkoholisierte-fahrradfahrt\/\"  title=\"Alkoholisierte Fahrradfahrt\"><img loading=\"lazy\" decoding=\"async\" width=\"1800\" height=\"1200\" src=\"https:\/\/kuenglaw-sg.ch\/wp-content\/uploads\/2024\/09\/fahrrad.webp\" class=\"attachment-full size-full wp-post-image\" alt=\"\" itemprop=\"image\" srcset=\"https:\/\/kuenglaw-sg.ch\/wp-content\/uploads\/2024\/09\/fahrrad.webp 1800w, https:\/\/kuenglaw-sg.ch\/wp-content\/uploads\/2024\/09\/fahrrad-300x200.webp 300w, https:\/\/kuenglaw-sg.ch\/wp-content\/uploads\/2024\/09\/fahrrad-1024x683.webp 1024w, https:\/\/kuenglaw-sg.ch\/wp-content\/uploads\/2024\/09\/fahrrad-768x512.webp 768w, https:\/\/kuenglaw-sg.ch\/wp-content\/uploads\/2024\/09\/fahrrad-1536x1024.webp 1536w, https:\/\/kuenglaw-sg.ch\/wp-content\/uploads\/2024\/09\/fahrrad-18x12.webp 18w, https:\/\/kuenglaw-sg.ch\/wp-content\/uploads\/2024\/09\/fahrrad-600x400.webp 600w, https:\/\/kuenglaw-sg.ch\/wp-content\/uploads\/2024\/09\/fahrrad-1200x800.webp 1200w\" sizes=\"auto, (max-width: 1800px) 100vw, 1800px\" \/><\/a>\t\t<\/div>\n\t\t\t\t\t\t\t\t<header class=\"wp-show-posts-entry-header\">\n\t\t\t\t\t\t\t<h2 class=\"wp-show-posts-entry-title\" itemprop=\"headline\"><a href=\"https:\/\/kuenglaw-sg.ch\/en\/alkoholisierte-fahrradfahrt\/\" rel=\"bookmark\">Alkoholisierte Fahrradfahrt<\/a><\/h2><div class=\"wp-show-posts-entry-meta wp-show-posts-entry-meta-below-title post-meta-inline\"><span class=\"wp-show-posts-posted-on wp-show-posts-meta\">\n\t\t\t\t\t<a href=\"https:\/\/kuenglaw-sg.ch\/en\/alkoholisierte-fahrradfahrt\/\" title=\"13:21\" rel=\"bookmark\"><time class=\"wp-show-posts-entry-date published\" datetime=\"2024-09-05T13:21:23+02:00\" itemprop=\"datePublished\">5. September 2024<\/time><time class=\"wp-show-posts-updated\" datetime=\"2024-09-24T13:49:29+02:00\" itemprop=\"dateModified\">24. September 2024<\/time><\/a>\n\t\t\t\t<\/span><\/div>\t\t\t\t\t\t<\/header><!-- .entry-header -->\n\t\t\t\t\t\t\t\t\t\t\t<div class=\"wp-show-posts-entry-summary\" itemprop=\"text\">\n\t\t\t\t\t\t\t<p>Wenn ich mich nach einem geselligen Abend mit Alkoholgenuss auf den Nachhauseweg begebe, lasse ich mein Auto jeweils stehen. Ich habe mich aber gefragt, ob ich stattdessen mit dem Fahrrad&#8230;<\/p>\n\t\t\t\t\t\t<\/div><!-- .entry-summary -->\n\t\t\t\t\t<div class=\"wpsp-read-more\"><a title=\"Alkoholisierte Fahrradfahrt\" class=\"wp-show-posts-read-more\" href=\"https:\/\/kuenglaw-sg.ch\/en\/alkoholisierte-fahrradfahrt\/\">weiterlesen<\/a><\/div><\/div><!-- wp-show-posts-inner --><\/article><article class=\"wp-show-posts-single post-19154 post type-post status-publish format-standard has-post-thumbnail hentry category-news wpsp-col-6\" itemtype=\"http:\/\/schema.org\/CreativeWork\" itemscope><div class=\"wp-show-posts-inner\" style=\"\">\t\t<div class=\"wp-show-posts-image  wpsp-image-center\">\n\t\t\t<a href=\"https:\/\/kuenglaw-sg.ch\/en\/probefahrt-mit-einem-auto-kein-freifahrtschein\/\"  title=\"Probefahrt mit einem Auto \u2013 kein Freifahrtschein\"><img loading=\"lazy\" decoding=\"async\" width=\"1920\" height=\"1280\" src=\"https:\/\/kuenglaw-sg.ch\/wp-content\/uploads\/2024\/09\/probefahrt.webp\" class=\"attachment-full size-full wp-post-image\" alt=\"\" itemprop=\"image\" srcset=\"https:\/\/kuenglaw-sg.ch\/wp-content\/uploads\/2024\/09\/probefahrt.webp 1920w, https:\/\/kuenglaw-sg.ch\/wp-content\/uploads\/2024\/09\/probefahrt-300x200.webp 300w, https:\/\/kuenglaw-sg.ch\/wp-content\/uploads\/2024\/09\/probefahrt-1024x683.webp 1024w, https:\/\/kuenglaw-sg.ch\/wp-content\/uploads\/2024\/09\/probefahrt-768x512.webp 768w, https:\/\/kuenglaw-sg.ch\/wp-content\/uploads\/2024\/09\/probefahrt-1536x1024.webp 1536w, https:\/\/kuenglaw-sg.ch\/wp-content\/uploads\/2024\/09\/probefahrt-18x12.webp 18w, https:\/\/kuenglaw-sg.ch\/wp-content\/uploads\/2024\/09\/probefahrt-600x400.webp 600w, https:\/\/kuenglaw-sg.ch\/wp-content\/uploads\/2024\/09\/probefahrt-1200x800.webp 1200w\" sizes=\"auto, (max-width: 1920px) 100vw, 1920px\" \/><\/a>\t\t<\/div>\n\t\t\t\t\t\t\t\t<header class=\"wp-show-posts-entry-header\">\n\t\t\t\t\t\t\t<h2 class=\"wp-show-posts-entry-title\" itemprop=\"headline\"><a href=\"https:\/\/kuenglaw-sg.ch\/en\/probefahrt-mit-einem-auto-kein-freifahrtschein\/\" rel=\"bookmark\">Probefahrt mit einem Auto \u2013 kein Freifahrtschein<\/a><\/h2><div class=\"wp-show-posts-entry-meta wp-show-posts-entry-meta-below-title post-meta-inline\"><span class=\"wp-show-posts-posted-on wp-show-posts-meta\">\n\t\t\t\t\t<a href=\"https:\/\/kuenglaw-sg.ch\/en\/probefahrt-mit-einem-auto-kein-freifahrtschein\/\" title=\"13:16\" rel=\"bookmark\"><time class=\"wp-show-posts-entry-date published\" datetime=\"2024-08-12T13:16:32+02:00\" itemprop=\"datePublished\">12. August 2024<\/time><time class=\"wp-show-posts-updated\" datetime=\"2024-09-24T13:49:59+02:00\" itemprop=\"dateModified\">24. September 2024<\/time><\/a>\n\t\t\t\t<\/span><\/div>\t\t\t\t\t\t<\/header><!-- .entry-header -->\n\t\t\t\t\t\t\t\t\t\t\t<div class=\"wp-show-posts-entry-summary\" itemprop=\"text\">\n\t\t\t\t\t\t\t<p>\u00abIch bin Verkaufsberater bei einer Fahrzeuggarage und wir bieten an unserer \u00f6ffentlichen Ausstellung ein Mal im Jahr gratis Probefahrten mit unseren leistungsstarken Fahrzeugen an. Ich bin bei einer solchen Probefahrt&#8230;<\/p>\n\t\t\t\t\t\t<\/div><!-- .entry-summary -->\n\t\t\t\t\t<div class=\"wpsp-read-more\"><a title=\"Probefahrt mit einem Auto \u2013 kein Freifahrtschein\" class=\"wp-show-posts-read-more\" href=\"https:\/\/kuenglaw-sg.ch\/en\/probefahrt-mit-einem-auto-kein-freifahrtschein\/\">weiterlesen<\/a><\/div><\/div><!-- wp-show-posts-inner --><\/article><article class=\"wp-show-posts-single post-19103 post type-post status-publish format-standard has-post-thumbnail hentry category-news wpsp-col-6\" itemtype=\"http:\/\/schema.org\/CreativeWork\" itemscope><div class=\"wp-show-posts-inner\" style=\"\">\t\t<div class=\"wp-show-posts-image  wpsp-image-center\">\n\t\t\t<a href=\"https:\/\/kuenglaw-sg.ch\/en\/testbeitrag-zum-news-blog\/\"  title=\"Aufhebungsvereinbarung mit dem Mitarbeiter\"><img loading=\"lazy\" decoding=\"async\" width=\"1920\" height=\"1280\" src=\"https:\/\/kuenglaw-sg.ch\/wp-content\/uploads\/2024\/09\/aufhebungsvertrag.webp\" class=\"attachment-full size-full wp-post-image\" alt=\"\" itemprop=\"image\" srcset=\"https:\/\/kuenglaw-sg.ch\/wp-content\/uploads\/2024\/09\/aufhebungsvertrag.webp 1920w, https:\/\/kuenglaw-sg.ch\/wp-content\/uploads\/2024\/09\/aufhebungsvertrag-300x200.webp 300w, https:\/\/kuenglaw-sg.ch\/wp-content\/uploads\/2024\/09\/aufhebungsvertrag-1024x683.webp 1024w, https:\/\/kuenglaw-sg.ch\/wp-content\/uploads\/2024\/09\/aufhebungsvertrag-768x512.webp 768w, https:\/\/kuenglaw-sg.ch\/wp-content\/uploads\/2024\/09\/aufhebungsvertrag-1536x1024.webp 1536w, https:\/\/kuenglaw-sg.ch\/wp-content\/uploads\/2024\/09\/aufhebungsvertrag-18x12.webp 18w, https:\/\/kuenglaw-sg.ch\/wp-content\/uploads\/2024\/09\/aufhebungsvertrag-600x400.webp 600w, https:\/\/kuenglaw-sg.ch\/wp-content\/uploads\/2024\/09\/aufhebungsvertrag-1200x800.webp 1200w\" sizes=\"auto, (max-width: 1920px) 100vw, 1920px\" \/><\/a>\t\t<\/div>\n\t\t\t\t\t\t\t\t<header class=\"wp-show-posts-entry-header\">\n\t\t\t\t\t\t\t<h2 class=\"wp-show-posts-entry-title\" itemprop=\"headline\"><a href=\"https:\/\/kuenglaw-sg.ch\/en\/testbeitrag-zum-news-blog\/\" rel=\"bookmark\">Aufhebungsvereinbarung mit dem Mitarbeiter<\/a><\/h2><div class=\"wp-show-posts-entry-meta wp-show-posts-entry-meta-below-title post-meta-inline\"><span class=\"wp-show-posts-posted-on wp-show-posts-meta\">\n\t\t\t\t\t<a href=\"https:\/\/kuenglaw-sg.ch\/en\/testbeitrag-zum-news-blog\/\" title=\"12:45\" rel=\"bookmark\"><time class=\"wp-show-posts-entry-date published\" datetime=\"2024-08-12T12:45:32+02:00\" itemprop=\"datePublished\">12. August 2024<\/time><time class=\"wp-show-posts-updated\" datetime=\"2024-09-24T13:50:36+02:00\" itemprop=\"dateModified\">24. September 2024<\/time><\/a>\n\t\t\t\t<\/span><\/div>\t\t\t\t\t\t<\/header><!-- .entry-header -->\n\t\t\t\t\t\t\t\t\t\t\t<div class=\"wp-show-posts-entry-summary\" itemprop=\"text\">\n\t\t\t\t\t\t\t<p>\u00abWir haben mit einem Mitarbeiter, der sich in der Vergangenheit regelm\u00e4ssig unanst\u00e4ndig gegenu\u0308ber Kunden verhielt, unter Androhung einer fristlosen Ku\u0308ndigung eine sofort wirksame Aufhebungsvereinbarung abgeschlossen. Nun macht er trotzdem weitere&#8230;<\/p>\n\t\t\t\t\t\t<\/div><!-- .entry-summary -->\n\t\t\t\t\t<div class=\"wpsp-read-more\"><a title=\"Aufhebungsvereinbarung mit dem Mitarbeiter\" class=\"wp-show-posts-read-more\" href=\"https:\/\/kuenglaw-sg.ch\/en\/testbeitrag-zum-news-blog\/\">weiterlesen<\/a><\/div><\/div><!-- wp-show-posts-inner --><\/article><div class=\"wpsp-clear\"><\/div><\/section><!-- .wp-show-posts -->","protected":false},"excerpt":{"rendered":"<p>\u00abWir haben mit einem Mitarbeiter, der sich in der Vergangenheit regelm\u00e4ssig unanst\u00e4ndig gegenu\u0308ber Kunden verhielt, unter Androhung einer fristlosen Ku\u0308ndigung eine sofort wirksame Aufhebungsvereinbarung abgeschlossen. Nun macht er trotzdem weitere Anspru\u0308che aus dem Arbeitsverh\u00e4ltnis geltend?\u00bb Aufgrund der Vertragsfreiheit steht es den Parteien offen, das Arbeitsvertrags-verh\u00e4ltnis einvernehmlich auf einen bestimmten Zeitpunkt hin und nicht durch einseitige [&hellip;]<\/p>\n","protected":false},"author":4,"featured_media":13774,"parent":0,"menu_order":0,"comment_status":"closed","ping_status":"closed","template":"brizy-blank-template.php","meta":{"_acf_changed":false,"footnotes":""},"class_list":["post-19083","page","type-page","status-publish","has-post-thumbnail","hentry"],"acf":[],"brizy_media":[],"_links":{"self":[{"href":"https:\/\/kuenglaw-sg.ch\/en\/wp-json\/wp\/v2\/pages\/19083","targetHints":{"allow":["GET"]}}],"collection":[{"href":"https:\/\/kuenglaw-sg.ch\/en\/wp-json\/wp\/v2\/pages"}],"about":[{"href":"https:\/\/kuenglaw-sg.ch\/en\/wp-json\/wp\/v2\/types\/page"}],"author":[{"embeddable":true,"href":"https:\/\/kuenglaw-sg.ch\/en\/wp-json\/wp\/v2\/users\/4"}],"replies":[{"embeddable":true,"href":"https:\/\/kuenglaw-sg.ch\/en\/wp-json\/wp\/v2\/comments?post=19083"}],"version-history":[{"count":4,"href":"https:\/\/kuenglaw-sg.ch\/en\/wp-json\/wp\/v2\/pages\/19083\/revisions"}],"predecessor-version":[{"id":19101,"href":"https:\/\/kuenglaw-sg.ch\/en\/wp-json\/wp\/v2\/pages\/19083\/revisions\/19101"}],"wp:featuredmedia":[{"embeddable":true,"href":"https:\/\/kuenglaw-sg.ch\/en\/wp-json\/wp\/v2\/media\/13774"}],"wp:attachment":[{"href":"https:\/\/kuenglaw-sg.ch\/en\/wp-json\/wp\/v2\/media?parent=19083"}],"curies":[{"name":"wp","href":"https:\/\/api.w.org\/{rel}","templated":true}]}}